{"id":1155,"date":"2021-05-20T19:28:19","date_gmt":"2021-05-20T19:28:19","guid":{"rendered":"https:\/\/5066702284bff58ac48bf508912c4181\/?page_id=1155"},"modified":"2022-04-06T20:20:28","modified_gmt":"2022-04-06T20:20:28","slug":"changement-du-paradigme-du-developpement","status":"publish","type":"page","link":"https:\/\/www.lagrandealliance.quebec\/fr\/changement-du-paradigme-du-developpement\/","title":{"rendered":"Changement du paradigme du d\u00e9veloppement"},"content":{"rendered":"\n<div class=\"banner-section -overlay\" style=\"background-image: url(https:\/\/www.lagrandealliance.quebec\/wp-content\/uploads\/2021\/05\/New-Page-2-cropped-min.png)\" tabindex=\"0\">\n    <div class=\"ctn-main\">\n        <div class=\"banner-inner\">\n                            <h1>Changement du paradigme du d\u00e9veloppement<\/h1>\n                                        <div class=\"bottom-text\">\n                    Repenser le d\u00e9veloppement pour le b\u00e9n\u00e9fice des communaut\u00e9s                 <\/div>\n                    <\/div>\n    <\/div>\n<\/div>\n\n\n<div class=\"-green-bg highlight-section\" tabindex=\"0\">\n    <div class=\"ctn-main\">\n        \n\n<h2 class=\"has-text-align-left wp-block-heading\">Changer le paradigme du d\u00e9veloppement du territoire et de la planification des ressources en territoire autochtone<\/h2>\n\n\n\n<p>Le d\u00e9veloppement du territoire implique \u00e0 la fois des r\u00e9percussions et des avantages. L\u2019\u00e9quilibre repose sur leur distribution parmi les communaut\u00e9s locales impliqu\u00e9es. La Grande Alliance vise \u00e0 faire pencher la balance vers les communaut\u00e9s les plus touch\u00e9es par les r\u00e9percussions. Une meilleure connectivit\u00e9, des transports facilit\u00e9s, la formation et les emplois, la planification et l\u2019att\u00e9nuation des incidences sont tous des moyens qui permettent de trouver un \u00e9quilibre entre les r\u00e9percussions et les avantages environnementaux, sociaux et \u00e9conomiques.<\/p>\n\n\n    <\/div>\n<\/div>\n\n\n<div class=\"-white-bg highlight-section -smaller-text\" tabindex=\"0\">\n    <div class=\"ctn-main\">\n        \n\n<h2 class=\"has-text-align-left wp-block-heading\">Le d\u00e9veloppement et Eeyou Istchee<\/h2>\n\n\n\n<p>La Grande Alliance vise \u00e0 changer et r\u00e9organiser la fa\u00e7on dont le d\u00e9veloppement survient en Eeyou Istchee. La valeur cr\u00e9\u00e9e via le d\u00e9veloppement d&rsquo;un programme d&rsquo;infrastructure inclusif et complet apportera de la stabilit\u00e9 et permettra aux communaut\u00e9s de mieux se pr\u00e9parer pour b\u00e9n\u00e9ficier des opportunit\u00e9s associ\u00e9es \u00e0 tous les aspects du d\u00e9veloppement. Les d\u00e9fis li\u00e9s au changement climatique et \u00e0 d&rsquo;autres enjeux mondiaux rendent la participation des communaut\u00e9s encore plus critique.<\/p>\n\n\n\n<h2 class=\"has-text-align-left wp-block-heading\">Trouver l\u2019\u00e9quilibre entre le d\u00e9veloppement et la protection de l&rsquo;environnement<\/h2>\n\n\n\n<p>D\u00e9veloppement et protection de l&rsquo;environnement sont deux concepts qui sont souvent consid\u00e9r\u00e9s comme contradictoires. Via La Grande Alliance, les gouvernements impliqu\u00e9s veulent remettre en question et changer cette notion : le d\u00e9veloppement et la protection peuvent &#8211; et devraient &#8211; coexister d\u00e8s le d\u00e9but, pour s&rsquo;assurer de la durabilit\u00e9 \u00e0 long terme des projets et limiter les impacts autant que possible. Le processus pour d\u00e9terminer les zones \u00e0 prot\u00e9ger afin de pr\u00e9server l\u2019habitat, de prot\u00e9ger une masse d\u2019eau ou de conserver un point d\u2019int\u00e9r\u00eat culturel est men\u00e9 par les utilisateurs du territoire et les communaut\u00e9s locales, puisqu\u2019ils connaissent le territoire. Une fois ce processus achev\u00e9, les communaut\u00e9s peuvent ensuite orienter les promoteurs vers des zones identifi\u00e9es comme \u00e9tant disponibles pour le d\u00e9veloppement, tant que celui-ci r\u00e9pond aux crit\u00e8res sociaux et environnementaux tels que d\u00e9finis dans la Convention de la Baie-James et du Nord qu\u00e9b\u00e9cois.<\/p>\n\n\n    <\/div>\n<\/div>","protected":false},"excerpt":{"rendered":"","protected":false},"author":1,"featured_media":0,"parent":0,"menu_order":0,"comment_status":"closed","ping_status":"closed","template":"update-page.php","meta":{"_acf_changed":false,"footnotes":""},"class_list":["post-1155","page","type-page","status-publish","hentry"],"acf":[],"aioseo_notices":[],"_links":{"self":[{"href":"https:\/\/www.lagrandealliance.quebec\/fr\/wp-json\/wp\/v2\/pages\/1155","targetHints":{"allow":["GET"]}}],"collection":[{"href":"https:\/\/www.lagrandealliance.quebec\/fr\/wp-json\/wp\/v2\/pages"}],"about":[{"href":"https:\/\/www.lagrandealliance.quebec\/fr\/wp-json\/wp\/v2\/types\/page"}],"author":[{"embeddable":true,"href":"https:\/\/www.lagrandealliance.quebec\/fr\/wp-json\/wp\/v2\/users\/1"}],"replies":[{"embeddable":true,"href":"https:\/\/www.lagrandealliance.quebec\/fr\/wp-json\/wp\/v2\/comments?post=1155"}],"version-history":[{"count":0,"href":"https:\/\/www.lagrandealliance.quebec\/fr\/wp-json\/wp\/v2\/pages\/1155\/revisions"}],"wp:attachment":[{"href":"https:\/\/www.lagrandealliance.quebec\/fr\/wp-json\/wp\/v2\/media?parent=1155"}],"curies":[{"name":"wp","href":"https:\/\/api.w.org\/{rel}","templated":true}]}}